{"id":57,"date":"2020-04-25T09:42:29","date_gmt":"2020-04-25T09:42:29","guid":{"rendered":"http:\/\/monteurwohnung-vermieten.de\/?page_id=57"},"modified":"2023-01-17T16:37:33","modified_gmt":"2023-01-17T15:37:33","slug":"unsere-ferienwohnung","status":"publish","type":"page","link":"https:\/\/monteurwohnung-vermieten.de\/tr\/","title":{"rendered":"Bizim dairemiz"},"content":{"rendered":"<p>[et_pb_section fb_built=&#8220;1&#8243; admin_label=&#8220;Header&#8220; _builder_version=&#8220;4.16&#8243; use_background_color_gradient=&#8220;on&#8220; background_color_gradient_type=&#8220;circular&#8220; background_color_gradient_direction_radial=&#8220;bottom left&#8220; background_color_gradient_stops=&#8220;rgba(255,255,255,0.96) 0%|rgba(255,255,255,0) 84%&#8220; background_color_gradient_overlays_image=&#8220;on&#8220; background_color_gradient_start=&#8220;rgba(255,255,255,0.96)&#8220; background_color_gradient_end=&#8220;rgba(255,255,255,0)&#8220; background_color_gradient_end_position=&#8220;84%&#8220; background_image=&#8220;https:\/\/monteurwohnung-vermieten.de\/wp-content\/uploads\/2020\/06\/DSC2438_InPixio.jpg&#8220; custom_padding=&#8220;12vw|0px|0|0px|false|false&#8220; global_colors_info=&#8220;{}&#8220;][et_pb_row _builder_version=&#8220;4.16&#8243; custom_margin=&#8220;|||&#8220; global_colors_info=&#8220;{}&#8220;][et_pb_column type=&#8220;4_4&#8243; _builder_version=&#8220;4.16&#8243; custom_padding=&#8220;|||&#8220; global_colors_info=&#8220;{}&#8220; custom_padding__hover=&#8220;|||&#8220;][et_pb_text _builder_version=&#8220;4.18.0&#8243; text_font=&#8220;||||||||&#8220; header_font=&#8220;|700|||||||&#8220; header_font_size=&#8220;80px&#8220; header_line_height=&#8220;1.2em&#8220; header_5_font=&#8220;|700||on|||||&#8220; header_5_text_color=&#8220;#000000&#8243; header_5_font_size=&#8220;20px&#8220; header_5_letter_spacing=&#8220;0.5em&#8220; header_5_line_height=&#8220;1.8em&#8220; animation_style=&#8220;zoom&#8220; animation_intensity_zoom=&#8220;5%&#8220; header_font_size_tablet=&#8220;48px&#8220; header_font_size_phone=&#8220;32px&#8220; header_font_size_last_edited=&#8220;on|phone&#8220; header_5_font_size_tablet=&#8220;14px&#8220; header_5_font_size_phone=&#8220;12px&#8220; header_5_font_size_last_edited=&#8220;on|desktop&#8220; global_colors_info=&#8220;{}&#8220;]<\/p>\n<h5>\u00dcbernachten im Norden von Sachsen<\/h5>\n<h1><span style=\"color: #383838;\">Ferienwohnung G\u00f6cht<\/span><\/h1>\n<p>[\/et_pb_text][\/et_pb_column][\/et_pb_row][et_pb_row column_structure=&#8220;1_3,1_3,1_3&#8243; use_custom_gutter=&#8220;on&#8220; make_equal=&#8220;on&#8220; custom_padding_last_edited=&#8220;on|desktop&#8220; _builder_version=&#8220;4.16&#8243; background_color=&#8220;#ffffff&#8220; width=&#8220;90%&#8220; max_width=&#8220;90%&#8220; module_alignment=&#8220;left&#8220; custom_margin=&#8220;12vw||||false&#8220; custom_padding=&#8220;0|0px|0px|15vw|false|false&#8220; custom_padding_tablet=&#8220;|||10vw&#8220; custom_padding_phone=&#8220;&#8220; animation_style=&#8220;slide&#8220; animation_direction=&#8220;left&#8220; use_custom_width=&#8220;on&#8220; width_unit=&#8220;off&#8220; custom_width_percent=&#8220;90%&#8220; locked=&#8220;off&#8220; global_colors_info=&#8220;{}&#8220;][et_pb_column type=&#8220;1_3&#8243; _builder_version=&#8220;4.16&#8243; custom_padding=&#8220;74px|||&#8220; custom_padding_tablet=&#8220;40px|||&#8220; custom_padding_phone=&#8220;20px|||&#8220; custom_padding_last_edited=&#8220;off|desktop&#8220; global_colors_info=&#8220;{}&#8220; padding_phone=&#8220;20px|||&#8220; padding_tablet=&#8220;40px|||&#8220; padding_last_edited=&#8220;off|desktop&#8220; custom_padding__hover=&#8220;|||&#8220;][et_pb_blurb title=&#8220;Ferienhaus G\u00f6cht, D\u00fcbener Stra\u00dfe 105 in 04509 Delitzsch&#8220; use_icon=&#8220;on&#8220; font_icon=&#8220;&#xe081;||divi||400&#8243; icon_color=&#8220;#c3cfd6&#8243; icon_placement=&#8220;left&#8220; image_icon_width=&#8220;24px&#8220; _builder_version=&#8220;4.16&#8243; header_level=&#8220;h5&#8243; header_font=&#8220;Raleway|700|||||||&#8220; header_line_height=&#8220;1.4em&#8220; icon_font_size=&#8220;24px&#8220; global_colors_info=&#8220;{}&#8220;][\/et_pb_blurb][\/et_pb_column][et_pb_column type=&#8220;1_3&#8243; _builder_version=&#8220;4.16&#8243; custom_padding=&#8220;74px|||&#8220; custom_padding_tablet=&#8220;40px|||&#8220; custom_padding_phone=&#8220;20px|||&#8220; custom_padding_last_edited=&#8220;off|desktop&#8220; global_colors_info=&#8220;{}&#8220; padding_phone=&#8220;20px|||&#8220; padding_tablet=&#8220;40px|||&#8220; padding_last_edited=&#8220;off|desktop&#8220; custom_padding__hover=&#8220;|||&#8220;][et_pb_blurb title=&#8220;info@fewo-delitzsch.de&#8220; use_icon=&#8220;on&#8220; font_icon=&#8220;&#xe076;||divi||400&#8243; icon_color=&#8220;#c3cfd6&#8243; icon_placement=&#8220;left&#8220; image_icon_width=&#8220;24px&#8220; _builder_version=&#8220;4.16&#8243; header_level=&#8220;h5&#8243; header_font=&#8220;Raleway|700|||||||&#8220; header_line_height=&#8220;1.4em&#8220; icon_font_size=&#8220;24px&#8220; global_colors_info=&#8220;{}&#8220;][\/et_pb_blurb][\/et_pb_column][et_pb_column type=&#8220;1_3&#8243; _builder_version=&#8220;4.16&#8243; custom_padding=&#8220;74px|||&#8220; custom_padding_tablet=&#8220;40px|||&#8220; custom_padding_phone=&#8220;20px|||&#8220; custom_padding_last_edited=&#8220;off|desktop&#8220; global_colors_info=&#8220;{}&#8220; padding_phone=&#8220;20px|||&#8220; padding_tablet=&#8220;40px|||&#8220; padding_last_edited=&#8220;off|desktop&#8220; custom_padding__hover=&#8220;|||&#8220;][et_pb_blurb title=&#8220;+49 34202 50169&#8243; use_icon=&#8220;on&#8220; font_icon=&#8220;&#xe090;||divi||400&#8243; icon_color=&#8220;#c3cfd6&#8243; icon_placement=&#8220;left&#8220; image_icon_width=&#8220;24px&#8220; _builder_version=&#8220;4.16&#8243; header_level=&#8220;h5&#8243; header_font=&#8220;Raleway|700|||||||&#8220; header_line_height=&#8220;1.4em&#8220; icon_font_size=&#8220;24px&#8220; global_colors_info=&#8220;{}&#8220;][\/et_pb_blurb][\/et_pb_column][\/et_pb_row][\/et_pb_section][et_pb_section fb_built=&#8220;1&#8243; admin_label=&#8220;About Us&#8220; _builder_version=&#8220;4.16&#8243; global_colors_info=&#8220;{}&#8220;][et_pb_row column_structure=&#8220;2_3,1_3&#8243; custom_padding_last_edited=&#8220;off|desktop&#8220; _builder_version=&#8220;4.16&#8243; custom_padding=&#8220;27px|0px|0|0px|false|false&#8220; custom_padding_tablet=&#8220;|0px||0px||true&#8220; global_colors_info=&#8220;{}&#8220;][et_pb_column type=&#8220;2_3&#8243; _builder_version=&#8220;4.16&#8243; custom_padding=&#8220;|||&#8220; global_colors_info=&#8220;{}&#8220; custom_padding__hover=&#8220;|||&#8220;][et_pb_text _builder_version=&#8220;4.16&#8243; text_font=&#8220;||||||||&#8220; text_font_size=&#8220;16px&#8220; text_line_height=&#8220;2em&#8220; header_font=&#8220;||||||||&#8220; header_2_font=&#8220;Raleway|700|||||||&#8220; header_2_font_size=&#8220;50px&#8220; header_2_line_height=&#8220;1.4em&#8220; header_6_font=&#8220;Raleway|700||on|||||&#8220; header_6_font_size=&#8220;16px&#8220; header_6_letter_spacing=&#8220;5px&#8220; header_6_line_height=&#8220;1.8em&#8220; max_width=&#8220;700px&#8220; module_alignment=&#8220;center&#8220; header_2_font_size_tablet=&#8220;35px&#8220; header_2_font_size_phone=&#8220;25px&#8220; header_2_font_size_last_edited=&#8220;on|phone&#8220; global_colors_info=&#8220;{}&#8220;]<\/p>\n<h6>WILLKOMMEN IN UNsERER fERIENWOHNUNG<\/h6>\n<h2>Unsere moderne Unterkunft n\u00f6rdlich von Leipzig<\/h2>\n<p>[\/et_pb_text][\/et_pb_column][et_pb_column type=&#8220;1_3&#8243; _builder_version=&#8220;4.16&#8243; custom_padding=&#8220;|||&#8220; global_colors_info=&#8220;{}&#8220; custom_padding__hover=&#8220;|||&#8220;][\/et_pb_column][\/et_pb_row][et_pb_row column_structure=&#8220;2_3,1_3&#8243; custom_padding_last_edited=&#8220;off|desktop&#8220; _builder_version=&#8220;4.16&#8243; custom_padding=&#8220;27px|0|27px|0px|false|false&#8220; custom_padding_tablet=&#8220;|0px||0px||true&#8220; global_colors_info=&#8220;{}&#8220;][et_pb_column type=&#8220;2_3&#8243; _builder_version=&#8220;4.16&#8243; custom_padding=&#8220;|||&#8220; global_colors_info=&#8220;{}&#8220; custom_padding__hover=&#8220;|||&#8220;][et_pb_text _builder_version=&#8220;4.16&#8243; text_font=&#8220;||||||||&#8220; text_font_size=&#8220;16px&#8220; text_line_height=&#8220;2em&#8220; header_font=&#8220;||||||||&#8220; header_2_font=&#8220;Raleway|700|||||||&#8220; header_2_font_size=&#8220;50px&#8220; header_2_line_height=&#8220;1.4em&#8220; header_6_font=&#8220;Raleway|700||on|||||&#8220; header_6_font_size=&#8220;16px&#8220; header_6_letter_spacing=&#8220;5px&#8220; header_6_line_height=&#8220;1.8em&#8220; max_width=&#8220;700px&#8220; module_alignment=&#8220;center&#8220; custom_padding=&#8220;||0px|||&#8220; header_2_font_size_tablet=&#8220;35px&#8220; header_2_font_size_phone=&#8220;25px&#8220; header_2_font_size_last_edited=&#8220;on|phone&#8220; global_colors_info=&#8220;{}&#8220;]<\/p>\n<p style=\"text-align: justify;\">Sie mieten den gesamten Wohnbereich eines Einfamilienhauses (ca. 85 Quadratmeter) \u00fcber 2 Etagen inclusive Mitbenutzumg des Gartens (Grill vorhanden) in Delitzsch-Ost, ca. 20 km n\u00f6rdlich von Leipzig.<br \/>Bushaltestelle f\u00fcr Stadtverkehr mit halbst\u00fcndiger Taktung an die S-Bahn nach Leipzig (Fahrzeit ins Zentrum ca. 40 Minuten, Messe ca. 25 Minuten, Flughafen ca. 40 Minuten) ist direkt vor der Haust\u00fcr.<\/p>\n<p>[\/et_pb_text][et_pb_text _builder_version=&#8220;4.16&#8243; _module_preset=&#8220;default&#8220; global_colors_info=&#8220;{}&#8220;]<\/p>\n<h1>Beliebt bei Monteuren<\/h2>\n<p>[\/et_pb_text][et_pb_text _builder_version=&#8220;4.16&#8243; _module_preset=&#8220;default&#8220; global_colors_info=&#8220;{}&#8220;]<\/p>\n<h4>Modern eingerichtetet Monteurzimmer warten auf Monteure<\/h4>\n<p>[\/et_pb_text][et_pb_text _builder_version=&#8220;4.16&#8243; text_font=&#8220;||||||||&#8220; text_font_size=&#8220;16px&#8220; text_line_height=&#8220;2em&#8220; header_font=&#8220;||||||||&#8220; header_2_font=&#8220;Raleway|700|||||||&#8220; header_2_font_size=&#8220;50px&#8220; header_2_line_height=&#8220;1.4em&#8220; header_6_font=&#8220;Raleway|700||on|||||&#8220; header_6_font_size=&#8220;16px&#8220; header_6_letter_spacing=&#8220;5px&#8220; header_6_line_height=&#8220;1.8em&#8220; max_width=&#8220;700px&#8220; module_alignment=&#8220;center&#8220; header_2_font_size_tablet=&#8220;35px&#8220; header_2_font_size_phone=&#8220;25px&#8220; header_2_font_size_last_edited=&#8220;on|phone&#8220; global_colors_info=&#8220;{}&#8220;]<\/p>\n<p style=\"text-align: justify;\">Besonders beliebt ist das Haus als Monteurunterkunft\/Monteurwohnung bei Monteuren, die bei BMW, Porsche, DHL, dem Flughafen, auf der Messe oder im Chemiepark Bitterfeld arbeiten, weil sie kurze Anfahrtswege haben (je nach Verkehr ca. 15-20 Minuten mit dem Auto). Die Monteurzimmer bieten f\u00fcnf Monteuren Platz. Es k\u00f6nnen zwei Betten zugestellt werden.<\/p>\n<p>[\/et_pb_text][et_pb_text _builder_version=&#8220;4.16&#8243; _module_preset=&#8220;default&#8220; global_colors_info=&#8220;{}&#8220;]<\/p>\n<h2>Gehobene Austattung.<\/h2>\n<p>[\/et_pb_text][et_pb_text _builder_version=&#8220;4.16&#8243; text_font=&#8220;||||||||&#8220; text_font_size=&#8220;16px&#8220; text_line_height=&#8220;2em&#8220; header_font=&#8220;||||||||&#8220; header_2_font=&#8220;Raleway|700|||||||&#8220; header_2_font_size=&#8220;50px&#8220; header_2_line_height=&#8220;1.4em&#8220; header_6_font=&#8220;Raleway|700||on|||||&#8220; header_6_font_size=&#8220;16px&#8220; header_6_letter_spacing=&#8220;5px&#8220; header_6_line_height=&#8220;1.8em&#8220; max_width=&#8220;700px&#8220; module_alignment=&#8220;center&#8220; header_2_font_size_tablet=&#8220;35px&#8220; header_2_font_size_phone=&#8220;25px&#8220; header_2_font_size_last_edited=&#8220;on|phone&#8220; global_colors_info=&#8220;{}&#8220;]<\/p>\n<p style=\"text-align: justify;\">Die Wohnung hat ein Wohnzimmer mit gem\u00fctlicher Sitzecke, Kamin und Smart-TV mit Sat-Anschluss, ein Bad im Obergeschoss und ein G\u00e4ste-WC im Erdgeschoss. Zwei Zweibettzimmer und ein Einzelzimmer stehen zur \u00dcbernachtung bereit. Im Einbettzimmer befindet sich ebenfalls ein Smart-TV.<br \/> WLAN, Waschmaschine und Trockner sind nat\u00fcrlich auch vorhanden.<br \/> Bettw\u00e4sche, Handt\u00fccher, Toilettenpapier, Seife und Duschgel sind im Preis inbegriffen.<br \/> Schr\u00e4g gegen\u00fcber des Grundst\u00fccks ist ein \u00f6ffentlicher Parkplatz, auf dem auch Transporter geparkt werden k\u00f6nnen.<br \/> Ca. 250m entfernt befindet sich ein Einkaufmarkt, der wochentags bis 20 Uhr ge\u00f6ffnet hat<br \/> Der Vermieter wohnt in einem zweitem Haus auf dem Grundst\u00fcck, bei Problemen ist er jederzeit zu erreichen.<\/p>\n<p>[\/et_pb_text][\/et_pb_column][et_pb_column type=&#8220;1_3&#8243; _builder_version=&#8220;4.16&#8243; custom_padding=&#8220;|||&#8220; global_colors_info=&#8220;{}&#8220; custom_padding__hover=&#8220;|||&#8220;][et_pb_image src=&#8220;https:\/\/monteurwohnung-vermieten.de\/wp-content\/uploads\/2022\/02\/ich-1-e1644172900991.jpg&#8220; alt=&#8220;Ferienhausvermieter in Delitzsch&#8220; title_text=&#8220;Vermieter&#8220; _builder_version=&#8220;4.16&#8243; _module_preset=&#8220;default&#8220; global_colors_info=&#8220;{}&#8220;][\/et_pb_image][et_pb_text _builder_version=&#8220;4.16&#8243; text_font=&#8220;||||||||&#8220; text_line_height=&#8220;2em&#8220; header_font=&#8220;||||||||&#8220; header_2_font=&#8220;Raleway|700|||||||&#8220; header_2_font_size=&#8220;50px&#8220; header_2_line_height=&#8220;1.4em&#8220; header_6_font=&#8220;Raleway|700||on|||||&#8220; header_6_font_size=&#8220;16px&#8220; header_6_letter_spacing=&#8220;5px&#8220; header_6_line_height=&#8220;1.8em&#8220; max_width=&#8220;700px&#8220; module_alignment=&#8220;center&#8220; header_2_font_size_tablet=&#8220;35px&#8220; header_2_font_size_phone=&#8220;25px&#8220; header_2_font_size_last_edited=&#8220;on|phone&#8220; locked=&#8220;off&#8220; global_colors_info=&#8220;{}&#8220;]<\/p>\n<p>Bei Fragen und Problemen stehen meine Frau und ich Ihnen als Vermieter jederzeit zur Verf\u00fcgung.<\/p>\n<p><strong>Holger G\u00f6cht<\/strong><strong><br \/> <\/strong><\/p>\n<p>[\/et_pb_text][\/et_pb_column][\/et_pb_row][et_pb_row _builder_version=&#8220;4.16&#8243; global_colors_info=&#8220;{}&#8220;][et_pb_column type=&#8220;4_4&#8243; _builder_version=&#8220;4.16&#8243; global_colors_info=&#8220;{}&#8220;][et_pb_image src=&#8220;https:\/\/monteurwohnung-vermieten.de\/wp-content\/uploads\/2020\/06\/DSC2483_InPixio.jpg&#8220; title_text=&#8220;_DSC2483_InPixio&#8220; _builder_version=&#8220;4.16&#8243; global_colors_info=&#8220;{}&#8220;][\/et_pb_image][\/et_pb_column][\/et_pb_row][et_pb_row column_structure=&#8220;1_6,1_6,1_6,1_6,1_6,1_6&#8243; use_custom_gutter=&#8220;on&#8220; gutter_width=&#8220;2&#8243; _builder_version=&#8220;4.16&#8243; global_colors_info=&#8220;{}&#8220;][et_pb_column type=&#8220;1_6&#8243; _builder_version=&#8220;4.16&#8243; custom_padding=&#8220;|||&#8220; global_colors_info=&#8220;{}&#8220; custom_padding__hover=&#8220;|||&#8220;][et_pb_image src=&#8220;https:\/\/monteurwohnung-vermieten.de\/wp-content\/uploads\/2020\/04\/DSC2447_InPixio.jpg&#8220; alt=&#8220;gem\u00fctliche Sitzecke&#8220; title_text=&#8220;Wohnzimmer&#8220; show_in_lightbox=&#8220;on&#8220; use_overlay=&#8220;on&#8220; overlay_icon_color=&#8220;#b2b9c4&#8243; align_tablet=&#8220;center&#8220; align_phone=&#8220;&#8220; align_last_edited=&#8220;on|desktop&#8220; _builder_version=&#8220;4.16&#8243; global_colors_info=&#8220;{}&#8220;][\/et_pb_image][\/et_pb_column][et_pb_column type=&#8220;1_6&#8243; _builder_version=&#8220;4.16&#8243; custom_padding=&#8220;|||&#8220; global_colors_info=&#8220;{}&#8220; custom_padding__hover=&#8220;|||&#8220;][et_pb_image src=&#8220;https:\/\/monteurwohnung-vermieten.de\/wp-content\/uploads\/2020\/04\/DSC2393_InPixio-e1588490479359.jpg&#8220; alt=&#8220;Essecke in derK\u00fcche&#8220; title_text=&#8220;K\u00fcchentisch&#8220; show_in_lightbox=&#8220;on&#8220; use_overlay=&#8220;on&#8220; overlay_icon_color=&#8220;#b2b9c4&#8243; align_tablet=&#8220;center&#8220; align_phone=&#8220;&#8220; align_last_edited=&#8220;on|desktop&#8220; _builder_version=&#8220;4.16&#8243; locked=&#8220;off&#8220; global_colors_info=&#8220;{}&#8220;][\/et_pb_image][\/et_pb_column][et_pb_column type=&#8220;1_6&#8243; _builder_version=&#8220;4.16&#8243; custom_padding=&#8220;|||&#8220; global_colors_info=&#8220;{}&#8220; custom_padding__hover=&#8220;|||&#8220;][et_pb_image src=&#8220;https:\/\/monteurwohnung-vermieten.de\/wp-content\/uploads\/2020\/04\/DSC2409_InPixio.jpg&#8220; title_text=&#8220;_DSC2409_InPixio&#8220; show_in_lightbox=&#8220;on&#8220; use_overlay=&#8220;on&#8220; overlay_icon_color=&#8220;#b2b9c4&#8243; align_tablet=&#8220;center&#8220; align_phone=&#8220;&#8220; align_last_edited=&#8220;on|desktop&#8220; _builder_version=&#8220;4.16&#8243; locked=&#8220;off&#8220; global_colors_info=&#8220;{}&#8220;][\/et_pb_image][\/et_pb_column][et_pb_column type=&#8220;1_6&#8243; _builder_version=&#8220;4.16&#8243; custom_padding=&#8220;|||&#8220; global_colors_info=&#8220;{}&#8220; custom_padding__hover=&#8220;|||&#8220;][et_pb_image src=&#8220;https:\/\/monteurwohnung-vermieten.de\/wp-content\/uploads\/2020\/04\/DSC2383_InPixio.jpg&#8220; title_text=&#8220;_DSC2383_InPixio&#8220; show_in_lightbox=&#8220;on&#8220; use_overlay=&#8220;on&#8220; overlay_icon_color=&#8220;#b2b9c4&#8243; align_tablet=&#8220;center&#8220; align_phone=&#8220;&#8220; align_last_edited=&#8220;on|desktop&#8220; _builder_version=&#8220;4.16&#8243; locked=&#8220;off&#8220; global_colors_info=&#8220;{}&#8220;][\/et_pb_image][\/et_pb_column][et_pb_column type=&#8220;1_6&#8243; _builder_version=&#8220;4.16&#8243; custom_padding=&#8220;|||&#8220; global_colors_info=&#8220;{}&#8220; custom_padding__hover=&#8220;|||&#8220;][et_pb_image src=&#8220;https:\/\/monteurwohnung-vermieten.de\/wp-content\/uploads\/2020\/04\/DSC2343_InPixio-e1588490432944.jpg&#8220; alt=&#8220;Bad im OG&#8220; title_text=&#8220;Badezimmer&#8220; show_in_lightbox=&#8220;on&#8220; use_overlay=&#8220;on&#8220; overlay_icon_color=&#8220;#b2b9c4&#8243; align_tablet=&#8220;center&#8220; align_phone=&#8220;&#8220; align_last_edited=&#8220;on|desktop&#8220; _builder_version=&#8220;4.16&#8243; locked=&#8220;off&#8220; global_colors_info=&#8220;{}&#8220;][\/et_pb_image][\/et_pb_column][et_pb_column type=&#8220;1_6&#8243; _builder_version=&#8220;4.16&#8243; custom_padding=&#8220;|||&#8220; global_colors_info=&#8220;{}&#8220; custom_padding__hover=&#8220;|||&#8220;][et_pb_image src=&#8220;https:\/\/monteurwohnung-vermieten.de\/wp-content\/uploads\/2020\/05\/IMG_1619_InPixio2.jpg&#8220; alt=&#8220;Sitzecke im Hof&#8220; title_text=&#8220;Im Garten entspannnen&#8220; show_in_lightbox=&#8220;on&#8220; use_overlay=&#8220;on&#8220; overlay_icon_color=&#8220;#b2b9c4&#8243; align_tablet=&#8220;center&#8220; align_phone=&#8220;&#8220; align_last_edited=&#8220;on|desktop&#8220; _builder_version=&#8220;4.16&#8243; locked=&#8220;off&#8220; global_colors_info=&#8220;{}&#8220;][\/et_pb_image][\/et_pb_column][\/et_pb_row][et_pb_row _builder_version=&#8220;4.16&#8243; global_colors_info=&#8220;{}&#8220;][et_pb_column type=&#8220;4_4&#8243; _builder_version=&#8220;4.16&#8243; global_colors_info=&#8220;{}&#8220;][et_pb_divider color=&#8220;#8f8f8f&#8220; _builder_version=&#8220;4.16&#8243; global_colors_info=&#8220;{}&#8220;][\/et_pb_divider][\/et_pb_column][\/et_pb_row][\/et_pb_section][et_pb_section fb_built=&#8220;1&#8243; admin_label=&#8220;Rooms&#8220; _builder_version=&#8220;4.16&#8243; min_height=&#8220;1000px&#8220; max_height=&#8220;997px&#8220; custom_margin=&#8220;-175px||||false|false&#8220; custom_padding=&#8220;0px||||false|false&#8220; global_colors_info=&#8220;{}&#8220;][et_pb_row column_structure=&#8220;1_2,1_4,1_4&#8243; _builder_version=&#8220;4.16&#8243; width=&#8220;73%&#8220; max_width=&#8220;1743px&#8220; module_alignment=&#8220;center&#8220; min_height=&#8220;425px&#8220; custom_margin=&#8220;120px|auto||auto||&#8220; custom_padding=&#8220;32px||32px||true|&#8220; border_color_all=&#8220;rgba(0,0,0,0)&#8220; border_width_top=&#8220;2px&#8220; global_colors_info=&#8220;{}&#8220;][et_pb_column type=&#8220;1_2&#8243; _builder_version=&#8220;4.16&#8243; custom_padding=&#8220;|||&#8220; global_colors_info=&#8220;{}&#8220; custom_padding__hover=&#8220;|||&#8220;][et_pb_text _builder_version=&#8220;4.16&#8243; text_font=&#8220;||||||||&#8220; text_font_size=&#8220;16px&#8220; text_line_height=&#8220;2em&#8220; header_font=&#8220;||||||||&#8220; header_2_font=&#8220;Raleway|700|||||||&#8220; header_2_font_size=&#8220;50px&#8220; header_2_line_height=&#8220;1.2em&#8220; header_6_font=&#8220;Raleway|700||on|||||&#8220; header_6_font_size=&#8220;16px&#8220; header_6_letter_spacing=&#8220;5px&#8220; header_6_line_height=&#8220;1.8em&#8220; width=&#8220;100%&#8220; max_width=&#8220;549px&#8220; max_width_last_edited=&#8220;off|desktop&#8220; custom_margin=&#8220;|||14px||&#8220; header_2_font_size_tablet=&#8220;35px&#8220; header_2_font_size_phone=&#8220;25px&#8220; header_2_font_size_last_edited=&#8220;on|phone&#8220; global_colors_info=&#8220;{}&#8220;]<\/p>\n<h6>F\u00fchlen Sie sich<br \/>Bei uns Wohl<\/h6>\n<h2>Wohnen<br \/> &amp; <br \/>Schlafen<\/h2>\n<p>Aufbettung gegen Aufpreis ist m\u00f6glich. Ein Kinderbett kann aufgestellt werden<\/p>\n<p>[\/et_pb_text][\/et_pb_column][et_pb_column type=&#8220;1_4&#8243; _builder_version=&#8220;4.16&#8243; custom_padding=&#8220;|||&#8220; global_colors_info=&#8220;{}&#8220; custom_padding__hover=&#8220;|||&#8220;][et_pb_number_counter title=&#8220;Schlafzimmer&#8220; number=&#8220;3&#8243; percent_sign=&#8220;off&#8220; _builder_version=&#8220;4.16&#8243; title_font=&#8220;||||||||&#8220; title_text_color=&#8220;#666666&#8243; title_font_size=&#8220;14px&#8220; number_font=&#8220;Raleway|700|||||||&#8220; number_text_color=&#8220;#b2b9c4&#8243; number_font_size=&#8220;48px&#8220; number_line_height=&#8220;100px&#8220; global_colors_info=&#8220;{}&#8220;][\/et_pb_number_counter][et_pb_number_counter title=&#8220;G\u00e4ste-WC&#8220; number=&#8220;1&#8243; percent_sign=&#8220;off&#8220; _builder_version=&#8220;4.16&#8243; title_font=&#8220;||||||||&#8220; title_text_color=&#8220;#666666&#8243; title_font_size=&#8220;14px&#8220; number_font=&#8220;Raleway|700|||||||&#8220; number_text_color=&#8220;#b2b9c4&#8243; number_font_size=&#8220;48px&#8220; number_line_height=&#8220;100px&#8220; global_colors_info=&#8220;{}&#8220;][\/et_pb_number_counter][et_pb_number_counter title=&#8220;K\u00fcche&#8220; number=&#8220;1&#8243; percent_sign=&#8220;off&#8220; _builder_version=&#8220;4.16&#8243; title_font=&#8220;||||||||&#8220; title_text_color=&#8220;#666666&#8243; title_font_size=&#8220;14px&#8220; number_font=&#8220;Raleway|700|||||||&#8220; number_text_color=&#8220;#b2b9c4&#8243; number_font_size=&#8220;48px&#8220; number_line_height=&#8220;100px&#8220; global_colors_info=&#8220;{}&#8220;][\/et_pb_number_counter][\/et_pb_column][et_pb_column type=&#8220;1_4&#8243; _builder_version=&#8220;4.16&#8243; custom_padding=&#8220;|||&#8220; global_colors_info=&#8220;{}&#8220; custom_padding__hover=&#8220;|||&#8220;][et_pb_number_counter title=&#8220;Wohnzimmer&#8220; number=&#8220;1&#8243; percent_sign=&#8220;off&#8220; _builder_version=&#8220;4.16&#8243; title_font=&#8220;||||||||&#8220; title_text_color=&#8220;#666666&#8243; title_font_size=&#8220;14px&#8220; number_font=&#8220;Raleway|700|||||||&#8220; number_text_color=&#8220;#b2b9c4&#8243; number_font_size=&#8220;48px&#8220; number_line_height=&#8220;100px&#8220; locked=&#8220;off&#8220; global_colors_info=&#8220;{}&#8220;][\/et_pb_number_counter][et_pb_number_counter title=&#8220;Bad&#8220; number=&#8220;1&#8243; percent_sign=&#8220;off&#8220; _builder_version=&#8220;4.16&#8243; title_font=&#8220;||||||||&#8220; title_text_color=&#8220;#666666&#8243; title_font_size=&#8220;14px&#8220; number_font=&#8220;Raleway|700|||||||&#8220; number_text_color=&#8220;#b2b9c4&#8243; number_font_size=&#8220;48px&#8220; number_line_height=&#8220;100px&#8220; locked=&#8220;off&#8220; global_colors_info=&#8220;{}&#8220;][\/et_pb_number_counter][et_pb_number_counter title=&#8220;G\u00e4ste&#8220; number=&#8220;5&#8243; percent_sign=&#8220;off&#8220; _builder_version=&#8220;4.16&#8243; title_font=&#8220;||||||||&#8220; title_text_color=&#8220;#666666&#8243; title_font_size=&#8220;14px&#8220; number_font=&#8220;Raleway|700|||||||&#8220; number_text_color=&#8220;#b2b9c4&#8243; number_font_size=&#8220;48px&#8220; number_line_height=&#8220;100px&#8220; global_colors_info=&#8220;{}&#8220;][\/et_pb_number_counter][\/et_pb_column][\/et_pb_row][et_pb_row _builder_version=&#8220;4.16&#8243; global_colors_info=&#8220;{}&#8220;][et_pb_column type=&#8220;4_4&#8243; _builder_version=&#8220;4.16&#8243; global_colors_info=&#8220;{}&#8220;][et_pb_divider color=&#8220;#6b6b6b&#8220; _builder_version=&#8220;4.16&#8243; global_colors_info=&#8220;{}&#8220;][\/et_pb_divider][\/et_pb_column][\/et_pb_row][et_pb_row column_structure=&#8220;1_2,1_2&#8243; use_custom_gutter=&#8220;on&#8220; make_equal=&#8220;on&#8220; padding_top_bottom_link_2=&#8220;true&#8220; _builder_version=&#8220;4.16&#8243; width=&#8220;100%&#8220; max_width=&#8220;100%&#8220; custom_margin=&#8220;-158px|auto|-158px|auto|true|&#8220; custom_padding=&#8220;||0px|||&#8220; use_custom_width=&#8220;on&#8220; width_unit=&#8220;off&#8220; custom_width_percent=&#8220;100%&#8220; global_colors_info=&#8220;{}&#8220;][et_pb_column type=&#8220;1_2&#8243; _builder_version=&#8220;4.16&#8243; custom_padding=&#8220;|||&#8220; global_colors_info=&#8220;{}&#8220; custom_padding__hover=&#8220;|||&#8220;][et_pb_image src=&#8220;https:\/\/monteurwohnung-vermieten.de\/wp-content\/uploads\/2020\/04\/DSC2369_InPixio.jpg&#8220; title_text=&#8220;_DSC2369_InPixio&#8220; show_in_lightbox=&#8220;on&#8220; force_fullwidth=&#8220;on&#8220; align_tablet=&#8220;center&#8220; align_phone=&#8220;&#8220; align_last_edited=&#8220;on|desktop&#8220; _builder_version=&#8220;4.16&#8243; custom_margin=&#8220;|||&#8220; custom_margin_tablet=&#8220;||0px|&#8220; custom_margin_last_edited=&#8220;off|desktop&#8220; animation_style=&#8220;slide&#8220; animation_direction=&#8220;left&#8220; animation_intensity_slide=&#8220;5%&#8220; global_colors_info=&#8220;{}&#8220;][\/et_pb_image][\/et_pb_column][et_pb_column type=&#8220;1_2&#8243; _builder_version=&#8220;4.16&#8243; custom_padding=&#8220;50px|10%|50px|&#8220; custom_padding_tablet=&#8220;0px|10%|0px|10%|true|true&#8220; custom_padding_phone=&#8220;&#8220; custom_padding_last_edited=&#8220;on|tablet&#8220; global_colors_info=&#8220;{}&#8220; padding_tablet=&#8220;0px|10%|0px|10%|true|true&#8220; padding_last_edited=&#8220;on|tablet&#8220; custom_padding__hover=&#8220;|||&#8220; padding_phone=&#8220;0px|10%|0px|10%|true|true&#8220;][et_pb_text _builder_version=&#8220;4.16&#8243; text_font=&#8220;||||||||&#8220; text_font_size=&#8220;16px&#8220; text_line_height=&#8220;2em&#8220; ul_font=&#8220;||||||||&#8220; ul_line_height=&#8220;2em&#8220; header_font=&#8220;||||||||&#8220; header_3_font=&#8220;Raleway|700|||||||&#8220; header_3_font_size=&#8220;40px&#8220; header_3_line_height=&#8220;1.4em&#8220; custom_padding=&#8220;0px|||||&#8220; header_3_font_size_tablet=&#8220;35px&#8220; header_3_font_size_phone=&#8220;25px&#8220; header_3_font_size_last_edited=&#8220;on|phone&#8220; global_colors_info=&#8220;{}&#8220;]<\/p>\n<h3><\/h3>\n<h3>\u00dcbernachten in Delitzsch<\/h3>\n<p style=\"text-align: justify;\">Mindestpreis 105,00\u20ac pro \u00dcbernachtung f\u00fcr bis zu 5 Personen. Jede weitere Person bis zur siebenten 10,00\u20ac. Wochen und Monatsrabatte sind verhandelbar. Buchbar ab 3 \u00dcbernachtungen werktags und 2 \u00dcbernachtungen am Wochenende.<br \/>INKLUSIVE:<\/p>\n<ul>\n<li>Duschgel und Fl\u00fcssigseife<\/li>\n<li>Bettw\u00e4sche<\/li>\n<li>Handt\u00fccher<\/li>\n<\/ul>\n<p>[\/et_pb_text][et_pb_text _builder_version=&#8220;4.18.0&#8243; text_font=&#8220;Raleway|700|||||||&#8220; text_text_color=&#8220;#333333&#8243; text_font_size=&#8220;34px&#8220; text_line_height=&#8220;1.4em&#8220; header_font=&#8220;||||||||&#8220; header_5_font=&#8220;||||||||&#8220; header_5_text_color=&#8220;#666666&#8243; header_5_font_size=&#8220;14px&#8220; custom_margin=&#8220;4px|||||&#8220; locked=&#8220;off&#8220; global_colors_info=&#8220;{}&#8220;]<\/p>\n<h5>Preis pro \u00dcbernachtung<\/h5>\n<p>ab 18,00 \u20ac\/Person<\/p>\n<p>[\/et_pb_text][\/et_pb_column][\/et_pb_row][\/et_pb_section][et_pb_section fb_built=&#8220;1&#8243; fullwidth=&#8220;on&#8220; _builder_version=&#8220;4.16&#8243; _module_preset=&#8220;default&#8220; global_colors_info=&#8220;{}&#8220;][\/et_pb_section][et_pb_section fb_built=&#8220;1&#8243; _builder_version=&#8220;4.16&#8243; custom_margin=&#8220;119px|||||&#8220; custom_padding=&#8220;0px|||||&#8220; global_colors_info=&#8220;{}&#8220;][et_pb_row _builder_version=&#8220;4.16&#8243; _module_preset=&#8220;default&#8220; global_colors_info=&#8220;{}&#8220;][et_pb_column type=&#8220;4_4&#8243; _builder_version=&#8220;4.16&#8243; _module_preset=&#8220;default&#8220; global_colors_info=&#8220;{}&#8220;][\/et_pb_column][\/et_pb_row][et_pb_row _builder_version=&#8220;4.16&#8243; _module_preset=&#8220;default&#8220; custom_padding=&#8220;80px|||||&#8220; global_colors_info=&#8220;{}&#8220;][et_pb_column type=&#8220;4_4&#8243; _builder_version=&#8220;4.16&#8243; _module_preset=&#8220;default&#8220; global_colors_info=&#8220;{}&#8220;][et_pb_divider color=&#8220;#6b6b6b&#8220; _builder_version=&#8220;4.16&#8243; _module_preset=&#8220;default&#8220; global_colors_info=&#8220;{}&#8220;][\/et_pb_divider][\/et_pb_column][\/et_pb_row][et_pb_row column_structure=&#8220;1_2,1_2&#8243; _builder_version=&#8220;4.16&#8243; global_colors_info=&#8220;{}&#8220;][et_pb_column type=&#8220;1_2&#8243; _builder_version=&#8220;4.16&#8243; global_colors_info=&#8220;{}&#8220;][et_pb_text _builder_version=&#8220;4.16&#8243; text_font_size=&#8220;16px&#8220; text_orientation=&#8220;justified&#8220; global_colors_info=&#8220;{}&#8220;]<\/p>\n<p style=\"text-align: justify;\">Monteure und Gesch\u00e4ftsreisende k\u00f6nnen unsere Ferienunterkunft auch l\u00e4ngerfristig mieten. Entsprechende Rabatte k\u00f6nnen wir Ihnen anbieten. Am besten, Sie rufen uns einfach an.<\/p>\n<p>[\/et_pb_text][\/et_pb_column][et_pb_column type=&#8220;1_2&#8243; _builder_version=&#8220;4.16&#8243; global_colors_info=&#8220;{}&#8220;][et_pb_button button_url=&#8220;https:\/\/monteurwohnung-vermieten.de\/anfahrt-und-lage\/#et_pb_contact_form_0&#8243; button_text=&#8220;Zur Buchung&#8220; button_alignment=&#8220;center&#8220; _builder_version=&#8220;4.16&#8243; custom_button=&#8220;on&#8220; button_text_size=&#8220;15px&#8220; button_text_color=&#8220;#ffffff&#8220; button_bg_color=&#8220;#383838&#8243; button_border_width=&#8220;8px&#8220; button_border_color=&#8220;rgba(0,0,0,0)&#8220; button_border_radius=&#8220;0px&#8220; button_font=&#8220;Raleway|700|||||||&#8220; box_shadow_style=&#8220;preset2&#8243; button_border_radius_hover=&#8220;0px&#8220; locked=&#8220;off&#8220; global_colors_info=&#8220;{}&#8220; button_text_size__hover_enabled=&#8220;off&#8220; button_one_text_size__hover_enabled=&#8220;off&#8220; button_two_text_size__hover_enabled=&#8220;off&#8220; button_text_color__hover_enabled=&#8220;off&#8220; button_one_text_color__hover_enabled=&#8220;off&#8220; button_two_text_color__hover_enabled=&#8220;off&#8220; button_border_width__hover_enabled=&#8220;off&#8220; button_one_border_width__hover_enabled=&#8220;off&#8220; button_two_border_width__hover_enabled=&#8220;off&#8220; button_border_color__hover_enabled=&#8220;off&#8220; button_one_border_color__hover_enabled=&#8220;off&#8220; button_two_border_color__hover_enabled=&#8220;off&#8220; button_border_radius__hover_enabled=&#8220;on&#8220; button_border_radius__hover=&#8220;0px&#8220; button_one_border_radius__hover_enabled=&#8220;off&#8220; button_two_border_radius__hover_enabled=&#8220;off&#8220; button_letter_spacing__hover_enabled=&#8220;off&#8220; button_one_letter_spacing__hover_enabled=&#8220;off&#8220; button_two_letter_spacing__hover_enabled=&#8220;off&#8220; button_bg_color__hover_enabled=&#8220;off&#8220; button_one_bg_color__hover_enabled=&#8220;off&#8220; button_two_bg_color__hover_enabled=&#8220;off&#8220;][\/et_pb_button][\/et_pb_column][\/et_pb_row][\/et_pb_section]<\/p>\n","protected":false},"excerpt":{"rendered":"<p>Kuzey Saksonya&#039;daki Leipzig yak\u0131nlar\u0131ndaki Delitzsch&#039;te tatil dairesi G\u00f6cht. Havaalan\u0131n\u0131n hemen yak\u0131n\u0131nda, Leipzig \/ Halle, BMW fabrikas\u0131, Porsche fabrikas\u0131, DHL ve turistler, tesisat\u00e7\u0131lar ve i\u015f seyahatinde olanlar i\u00e7in kiral\u0131k Bitterfeld kimya park\u0131.<\/p>","protected":false},"author":1,"featured_media":285,"parent":0,"menu_order":0,"comment_status":"closed","ping_status":"closed","template":"","meta":{"_et_pb_use_builder":"on","_et_pb_old_content":"","_et_gb_content_width":"","footnotes":""},"class_list":["post-57","page","type-page","status-publish","has-post-thumbnail","hentry"],"_links":{"self":[{"href":"https:\/\/monteurwohnung-vermieten.de\/tr\/wp-json\/wp\/v2\/pages\/57","targetHints":{"allow":["GET"]}}],"collection":[{"href":"https:\/\/monteurwohnung-vermieten.de\/tr\/wp-json\/wp\/v2\/pages"}],"about":[{"href":"https:\/\/monteurwohnung-vermieten.de\/tr\/wp-json\/wp\/v2\/types\/page"}],"author":[{"embeddable":true,"href":"https:\/\/monteurwohnung-vermieten.de\/tr\/wp-json\/wp\/v2\/users\/1"}],"replies":[{"embeddable":true,"href":"https:\/\/monteurwohnung-vermieten.de\/tr\/wp-json\/wp\/v2\/comments?post=57"}],"version-history":[{"count":180,"href":"https:\/\/monteurwohnung-vermieten.de\/tr\/wp-json\/wp\/v2\/pages\/57\/revisions"}],"predecessor-version":[{"id":1636,"href":"https:\/\/monteurwohnung-vermieten.de\/tr\/wp-json\/wp\/v2\/pages\/57\/revisions\/1636"}],"wp:featuredmedia":[{"embeddable":true,"href":"https:\/\/monteurwohnung-vermieten.de\/tr\/wp-json\/wp\/v2\/media\/285"}],"wp:attachment":[{"href":"https:\/\/monteurwohnung-vermieten.de\/tr\/wp-json\/wp\/v2\/media?parent=57"}],"curies":[{"name":"wp","href":"https:\/\/api.w.org\/{rel}","templated":true}]}}